{"id":11643,"date":"2021-09-14T14:13:52","date_gmt":"2021-09-14T12:13:52","guid":{"rendered":"https:\/\/www.artinprint.at\/karin-pliem\/"},"modified":"2022-05-11T10:32:49","modified_gmt":"2022-05-11T08:32:49","slug":"karin-pliem","status":"publish","type":"page","link":"https:\/\/www.artinprint.at\/en\/karin-pliem\/","title":{"rendered":"Karin Pliem"},"content":{"rendered":"<p>[et_pb_section fb_built=&#8221;1&#8243; fullwidth=&#8221;on&#8221; _builder_version=&#8221;4.16&#8243; global_colors_info=&#8221;{}&#8221;][et_pb_fullwidth_header _builder_version=&#8221;4.16&#8243; background_color=&#8221;rgba(255, 255, 255, 0)&#8221; background_image=&#8221;https:\/\/www.artinprint.at\/wp-content\/uploads\/2020\/05\/Header-Karin-Pliem-min.png&#8221; background_layout=&#8221;light&#8221; custom_css_main_element=&#8221;height: 400px&#8221; global_colors_info=&#8221;{}&#8221; button_one_text_size__hover_enabled=&#8221;off&#8221; button_two_text_size__hover_enabled=&#8221;off&#8221; button_one_text_color__hover_enabled=&#8221;off&#8221; button_two_text_color__hover_enabled=&#8221;off&#8221; button_one_border_width__hover_enabled=&#8221;off&#8221; button_two_border_width__hover_enabled=&#8221;off&#8221; button_one_border_color__hover_enabled=&#8221;off&#8221; button_two_border_color__hover_enabled=&#8221;off&#8221; button_one_border_radius__hover_enabled=&#8221;off&#8221; button_two_border_radius__hover_enabled=&#8221;off&#8221; button_one_letter_spacing__hover_enabled=&#8221;off&#8221; button_two_letter_spacing__hover_enabled=&#8221;off&#8221; button_one_bg_color__hover_enabled=&#8221;off&#8221; button_two_bg_color__hover_enabled=&#8221;off&#8221;]&nbsp;<br \/>\n[\/et_pb_fullwidth_header][et_pb_fullwidth_header title=&#8221;Karin Pliem&#8221; subhead=&#8221;Medusa, 2020&#8243; _builder_version=&#8221;4.16&#8243; background_color=&#8221;#445C82&#8243; custom_padding=&#8221;25px|170px|15px|170px&#8221; saved_tabs=&#8221;all&#8221; global_colors_info=&#8221;{}&#8221; button_one_text_size__hover_enabled=&#8221;off&#8221; button_two_text_size__hover_enabled=&#8221;off&#8221; button_one_text_color__hover_enabled=&#8221;off&#8221; button_two_text_color__hover_enabled=&#8221;off&#8221; button_one_border_width__hover_enabled=&#8221;off&#8221; button_two_border_width__hover_enabled=&#8221;off&#8221; button_one_border_color__hover_enabled=&#8221;off&#8221; button_two_border_color__hover_enabled=&#8221;off&#8221; button_one_border_radius__hover_enabled=&#8221;off&#8221; button_two_border_radius__hover_enabled=&#8221;off&#8221; button_one_letter_spacing__hover_enabled=&#8221;off&#8221; button_two_letter_spacing__hover_enabled=&#8221;off&#8221; button_one_bg_color__hover_enabled=&#8221;off&#8221; button_two_bg_color__hover_enabled=&#8221;off&#8221;]&nbsp;<br \/>\n[\/et_pb_fullwidth_header][\/et_pb_section][et_pb_section fb_built=&#8221;1&#8243; custom_padding_last_edited=&#8221;on|phone&#8221; _builder_version=&#8221;4.16&#8243; background_color=&#8221;rgba(0,0,0,0)&#8221; custom_padding=&#8221;40px|0px|0px|0px||&#8221; custom_padding_tablet=&#8221;20px|0px|0px|0px|false|false&#8221; custom_padding_phone=&#8221;&#8221; global_colors_info=&#8221;{}&#8221;][et_pb_row column_structure=&#8221;1_2,1_2&#8243; custom_padding_last_edited=&#8221;on|desktop&#8221; _builder_version=&#8221;4.16&#8243; background_size=&#8221;initial&#8221; background_position=&#8221;top_left&#8221; background_repeat=&#8221;repeat&#8221; width=&#8221;66%&#8221; module_alignment=&#8221;center&#8221; custom_padding=&#8221;|0px|0px|0px|false|false&#8221; custom_padding_tablet=&#8221;|80px||80px|false|false&#8221; custom_padding_phone=&#8221;&#8221; global_colors_info=&#8221;{}&#8221;][et_pb_column type=&#8221;1_2&#8243; _builder_version=&#8221;4.16&#8243; custom_padding=&#8221;|||&#8221; global_colors_info=&#8221;{}&#8221; custom_padding__hover=&#8221;|||&#8221;][et_pb_image src=&#8221;https:\/\/www.artinprint.at\/wp-content\/uploads\/2020\/05\/Medusa_Karin_Pliem_1600x1600_mit_durchsichtigem_Hintergrund.png&#8221; show_in_lightbox=&#8221;on&#8221; _builder_version=&#8221;4.16&#8243; global_colors_info=&#8221;{}&#8221;][\/et_pb_image][\/et_pb_column][et_pb_column type=&#8221;1_2&#8243; _builder_version=&#8221;4.16&#8243; custom_padding=&#8221;|||&#8221; global_colors_info=&#8221;{}&#8221; custom_padding__hover=&#8221;|||&#8221;][et_pb_text _builder_version=&#8221;4.16&#8243; global_colors_info=&#8221;{}&#8221;]<\/p>\n<p><strong><\/strong><\/p>\n<p><strong><\/strong><\/p>\n<p><strong>Karin Pliem<\/strong><br \/>(born 1963 in Zell am See, lives and works in Vienna)<\/p>\n<p><em>Medusa<\/em>, 2020, for the art in print series <em>women III<\/em><\/p>\n<p>Lithograph in four colours, printed on Magnani Incisioni 300g paper<br \/>by Rudolf H\u00f6rschl\u00e4ger, Druckwerkstatt Uferst\u00f6ckl, Wallsee \/ Lower Austria<\/p>\n<p>Edition of 33 + 5 AP + 2 EP + 2 PP<\/p>\n<p>Signed, numbered, titled and dated by the artist.<\/p>\n<p>40 x 50 cm<\/p>\n<p>&nbsp;<\/p>\n<p>[\/et_pb_text][et_pb_text _builder_version=&#8221;4.16&#8243; global_colors_info=&#8221;{}&#8221;]<a href=\"https:\/\/www.artinprint.at\/produkt\/karin-pliem-medusa-2020\/\"><img loading=\"lazy\" decoding=\"async\" class=\"wp-image-296 alignnone size-full\" src=\"https:\/\/www.artinprint.at\/wp-content\/uploads\/2018\/01\/AIP_Button_jetzt2_klein.png\" alt=\"\" width=\"100\" height=\"100\"><\/a>[\/et_pb_text][\/et_pb_column][\/et_pb_row][et_pb_row module_class=&#8221; et_pb_row_fullwidth&#8221; _builder_version=&#8221;4.16&#8243; width=&#8221;94%&#8221; width_tablet=&#8221;80%&#8221; width_phone=&#8221;&#8221; width_last_edited=&#8221;on|desktop&#8221; max_width=&#8221;94%&#8221; max_width_tablet=&#8221;80%&#8221; max_width_phone=&#8221;&#8221; max_width_last_edited=&#8221;on|desktop&#8221; custom_padding=&#8221;27px|0px|0px|0px&#8221; make_fullwidth=&#8221;on&#8221; global_colors_info=&#8221;{}&#8221;][et_pb_column type=&#8221;4_4&#8243; _builder_version=&#8221;4.16&#8243; custom_padding=&#8221;|||&#8221; global_colors_info=&#8221;{}&#8221; custom_padding__hover=&#8221;|||&#8221;][et_pb_divider color=&#8221;rgba(68,92,130,0.23)&#8221; _builder_version=&#8221;4.16&#8243; global_colors_info=&#8221;{}&#8221;]&nbsp;[\/et_pb_divider][\/et_pb_column][\/et_pb_row][et_pb_row column_structure=&#8221;1_2,1_2&#8243; _builder_version=&#8221;4.16&#8243; background_size=&#8221;initial&#8221; background_position=&#8221;top_left&#8221; background_repeat=&#8221;repeat&#8221; width=&#8221;66%&#8221; module_alignment=&#8221;center&#8221; custom_margin_tablet=&#8221;&#8221; custom_margin_phone=&#8221;&#8221; custom_margin_last_edited=&#8221;on|desktop&#8221; custom_padding=&#8221;15px|0px||0px|false|false&#8221; global_colors_info=&#8221;{}&#8221;][et_pb_column type=&#8221;1_2&#8243; _builder_version=&#8221;4.16&#8243; custom_padding=&#8221;|||&#8221; global_colors_info=&#8221;{}&#8221; custom_padding__hover=&#8221;|||&#8221;][et_pb_image src=&#8221;https:\/\/www.artinprint.at\/wp-content\/uploads\/2020\/05\/Portrait-Karin-Pliem-500.jpg&#8221; show_in_lightbox=&#8221;on&#8221; show_bottom_space=&#8221;off&#8221; force_fullwidth=&#8221;on&#8221; align_tablet=&#8221;center&#8221; align_phone=&#8221;&#8221; align_last_edited=&#8221;on|desktop&#8221; _builder_version=&#8221;4.16&#8243; global_colors_info=&#8221;{}&#8221;]&nbsp;<br \/>\n[\/et_pb_image][\/et_pb_column][et_pb_column type=&#8221;1_2&#8243; _builder_version=&#8221;4.16&#8243; custom_padding=&#8221;|||&#8221; global_colors_info=&#8221;{}&#8221; custom_padding__hover=&#8221;|||&#8221;][et_pb_text _builder_version=&#8221;4.16&#8243; global_colors_info=&#8221;{}&#8221;]<\/p>\n<h2>Karin Pliem<\/h2>\n<p><strong>1963<\/strong> \/\/ born in Zell am See, Salzburg<br \/><strong>1982<\/strong> \/\/ International Summer Academy Salzburg (Stipend);<br \/><b>1983<\/b> \/\/ Atelier Iris Mansard, Biarritz (France);<br \/><strong>1983\u20131987<\/strong> \/\/ University of Applied Arts in Vienna (sculpture, painting);<\/p>\n<p>1992\u2013present \u2013 study trips to Southeast Asia, New Zealand, the South Pacific, Turkey, the USA and Algeria.<\/p>\n<p>[\/et_pb_text][\/et_pb_column][\/et_pb_row][et_pb_row custom_padding_last_edited=&#8221;on|tablet&#8221; _builder_version=&#8221;4.16&#8243; width=&#8221;66%&#8221; custom_padding=&#8221;|0px|0px|0px|false|false&#8221; custom_padding_tablet=&#8221;|80px|0px|80px|false|false&#8221; custom_padding_phone=&#8221;&#8221; global_colors_info=&#8221;{}&#8221;][et_pb_column type=&#8221;4_4&#8243; _builder_version=&#8221;4.16&#8243; custom_padding=&#8221;|||&#8221; global_colors_info=&#8221;{}&#8221; custom_padding__hover=&#8221;|||&#8221;][et_pb_text _builder_version=&#8221;4.16&#8243; custom_padding=&#8221;||31px|||&#8221; global_colors_info=&#8221;{}&#8221;]<\/p>\n<h3>Recent exhibitions<\/h3>\n<p><strong>2018<\/strong><\/p>\n<p>Universit\u00e9 2, Oran\/Algerien (15th Intern. Symposium on Languages, Literatures, Arts, mit Videoscreening L\u2019inifinito della natura)<br \/> Stadtgalerie Waidhofen a.d. Ybbs (E, mit Videoscreening L\u2019inifinito della natura)<br \/> me Collectors Room Stiftung Olbricht, Berlin\/DE (Video L\u2019inifinito della natura)<br \/> Parallel Vienna 2018, Wien; kunstGarten, Graz;<br \/> Maison des relations internationales Nelson Mandela (mit Video L\u2019inifinito della natura) und Maison de Heidelberg, Montpellier\/F<br \/> ega: frauen im zentrum, Vienna (E, mit Video L\u2019inifinito della natura)<\/p>\n<p><strong>2019<\/strong><\/p>\n<p>Austrian Parlament in the Hofburg Wien, Vienna<br \/> Bildraum Bodensee, Bregenz (E, mit Videoscreening L\u2019inifinito della natura)<br \/> Kunsthaus Muerz, M\u00fcrzzuschlag<br \/> Traklhaus, Salzburg<br \/> unttld contemporary, Vienna (E)<br \/> Sammlung Urban, Waidhofen a.d. Ybbs<br \/> N\u00d6 Dokumentationszentrum f\u00fcr moderne Kunst, St. P\u00f6lten<br \/> kunstGarten Graz (mit Videoscreening L\u2019inifinito della natura)<br \/> MAB Museum am Bach, Kra\u00dfnitz b. Ruden<\/p>\n<p><strong>2020<\/strong><\/p>\n<p>Kunsthalle Nexus, Saalfelden (with Video screening L\u2019inifinito della natura)<br \/> Art Vienna international art fair, Hofburg, Vienna<br \/> Galerie Wolfrum, Vienna<br \/> Festival Tricky Women 2020, Video screening L\u2019inifinito della natura, Artwork Space, Vienna<br \/> Galerie Walker, Weizelsdorf (E)<br \/> Kunstverein Paradigma, Linz (E)<\/p>\n<p>[\/et_pb_text][et_pb_text _builder_version=&#8221;4.16&#8243; global_colors_info=&#8221;{}&#8221;]<\/p>\n<h3>Medusa<\/h3>\n<p>\u201cI\u2019m concerned with the solidarity between nature, culture and civilisation. Mankind that exploits the riches of nature merely to benefit themselves is ignoring the fact that they&#8217;re destroying themselves in the process. And therefore also their culture. Culture is a spiritual product of humankind, not a commodity. It\u2019s the most important linking element between civilisation and nature.<\/p>\n<p>The image for me is a place of communal living, a space where it\u2019s possible for opposites to meet.<\/p>\n<p>The image should be open to all of the protagonists appearing within it, a parliament for the many voices where everyone can meet and interact and can find a suitable place for them in the space.<\/p>\n<p>Head\u2014heart, light\u2014shade, conflict and harmony\u2026 Is harmony always the ultimate goal? Opposites are always there, should be there: cold\u2014warmth, sadness\u2014glee, silence\u2014noise\u2026 but: justice and acceptance are conditions of peaceful, productive and creative cohabiting. We learn from one another by asking each other questions, by communicating.<\/p>\n<p>That also means remaining mobile, creating spaces with spiritual and cultural movement to promote further development. Always look beyond and read between the lines in order to seize and open up opportunities.<\/p>\n<p>Standing still makes you powerless, and being powerless is a slow and gradual death!\u201d<\/p>\n<p><strong>Karin Pliem, 2020<\/strong><\/p>\n<p>[\/et_pb_text][\/et_pb_column][\/et_pb_row][et_pb_row _builder_version=&#8221;4.16&#8243; custom_margin=&#8221;|||&#8221; custom_padding=&#8221;0px|80px|0|80px|false|false&#8221; custom_css_main_element=&#8221;display: none;&#8221; global_colors_info=&#8221;{}&#8221;][et_pb_column type=&#8221;4_4&#8243; _builder_version=&#8221;4.16&#8243; custom_padding=&#8221;|||&#8221; global_colors_info=&#8221;{}&#8221; custom_padding__hover=&#8221;|||&#8221;][et_pb_text _builder_version=&#8221;4.16&#8243; global_colors_info=&#8221;{}&#8221;]<\/p>\n<h2>About the artist<\/h2>\n<p>Andrea Bischof geh\u00f6rt zu den wichtigsten VertreterInnen der informellen Malerei in \u00d6sterreich, so der heutige Direktor der Gem\u00e4ldegalerie Alte Meister in Dresden, Stephan Koja.* Farbe ist f\u00fcr die Malerin Andrea Bischof das Medium schlechthin. Ihre oft gro\u00dfformatigen \u00d6lbilder entstehen in einem sich \u00fcber Wochen entwickelnden behutsamen Prozess, an dessen Ende ein wahrer Kosmos an Farben steht. Die K\u00fcnstlerin baut ihre Bilder aus vielen miteinander korrespondierenden vielfarbigen Schichten ausgehend von einem meist starkfarbigen Grund auf. Schicht f\u00fcr Schicht, bis zur feingesponnenen Oberfl\u00e4che. Bischofs Bilder sind ein ber\u00fchrendes Farberlebnis, wobei es der Malerin nicht um das vordergr\u00fcndige Schwelgen in der Sinnlichkeit der Farbe geht, sondern um einen klaren konzeptionellen Ansatz. Von jeher fasziniert Bischof in ihrer Kunst das Verh\u00e4ltnis von Oberfl\u00e4che und Tiefe, von Haut und Grundierung. Andrea Bischof arbeitet in traditioneller \u00d6ltechnik. Sie liebt dieses Medium, holt gleichsam aus der Farbmaterie Gebilde ans Licht. Sie sucht nach den Beziehungen der Farben, orchestriert ihr Zusammenspiel und sucht nach Wegen, dieses zu intensivieren. Andrea Bischof ist eine konsequente Arbeiterin, beginnt fr\u00fch am Morgen mit der Arbeit in ihrem weitl\u00e4ufigen Atelier im zweiten Wiener Gemeindebezirk und beendet den Arbeitstag mit einer (Selbst)Kritik, um am n\u00e4chsten Morgen gezielt weiterzuarbeiten. Wie viele K\u00fcnstlerInnen arbeitet sie an mehreren Bildern parallel und entwickelt sie \u00fcber mehrere Wochen. \u201eIm langsamen Entwickeln des Bildes wird Malen f\u00fcr Bischof zum Erkenntnisprozess. Es geht, auf dem Weg hoher Empf\u00e4nglichkeit f\u00fcr die Intensit\u00e4t der Farbe, um das Erkennen von Gesetzen der Harmonie. Letztlich sucht Bischof nach einer Sch\u00f6nheit, die Tiefe besitzt. Nicht jene oberfl\u00e4chliche Sch\u00f6nheit, die am Ende hohl bleibt und nur Entt\u00e4uschung zur\u00fcckl\u00e4sst, sondern Sch\u00f6nheit, die auf Gr\u00f6\u00dferes verweist (\u2026).\u201c (Koja)<br \/>\nStepahn Koja (Hg.) Andrea Bischof. Color Truth, 2016 Hirmer Verlag.<br \/>\n[\/et_pb_text][\/et_pb_column][\/et_pb_row][et_pb_row _builder_version=&#8221;4.16&#8243; custom_padding=&#8221;27px|0px|0|0px&#8221; global_colors_info=&#8221;{}&#8221;][et_pb_column type=&#8221;4_4&#8243; _builder_version=&#8221;4.16&#8243; custom_padding=&#8221;|||&#8221; global_colors_info=&#8221;{}&#8221; custom_padding__hover=&#8221;|||&#8221;][et_pb_divider color=&#8221;#cecece&#8221; _builder_version=&#8221;4.16&#8243; global_colors_info=&#8221;{}&#8221;]&nbsp;[\/et_pb_divider][\/et_pb_column][\/et_pb_row][\/et_pb_section][et_pb_section fb_built=&#8221;1&#8243; _builder_version=&#8221;4.16&#8243; custom_padding=&#8221;0|0px|54px|0px&#8221; custom_css_main_element=&#8221;display: none;&#8221; global_colors_info=&#8221;{}&#8221;][et_pb_row custom_padding_last_edited=&#8221;on|desktop&#8221; _builder_version=&#8221;4.16&#8243; custom_padding=&#8221;0px|80px|0px|80px&#8221; custom_padding_tablet=&#8221;0px|100px|0px|100px&#8221; custom_padding_phone=&#8221;0px|0px|0px|0px&#8221; global_colors_info=&#8221;{}&#8221;][et_pb_column type=&#8221;4_4&#8243; _builder_version=&#8221;4.16&#8243; custom_padding=&#8221;|||&#8221; global_colors_info=&#8221;{}&#8221; custom_padding__hover=&#8221;|||&#8221;][et_pb_text _builder_version=&#8221;4.16&#8243; global_colors_info=&#8221;{}&#8221;]<\/p>\n<h2 style=\"text-align: left;\">Die weiteren Drucke der Edition III<\/h2>\n<p>[\/et_pb_text][\/et_pb_column][\/et_pb_row][et_pb_row column_structure=&#8221;1_3,1_3,1_3&#8243; _builder_version=&#8221;4.16&#8243; background_size=&#8221;initial&#8221; background_position=&#8221;top_left&#8221; background_repeat=&#8221;repeat&#8221; global_colors_info=&#8221;{}&#8221;][et_pb_column type=&#8221;1_3&#8243; _builder_version=&#8221;4.16&#8243; custom_padding=&#8221;|||&#8221; global_colors_info=&#8221;{}&#8221; custom_padding__hover=&#8221;|||&#8221;][et_pb_image src=&#8221;https:\/\/www.artinprint.at\/wp-content\/uploads\/2018\/05\/Bischof_ungerahmt_edition.jpg&#8221; align_tablet=&#8221;center&#8221; align_phone=&#8221;&#8221; align_last_edited=&#8221;on|desktop&#8221; _builder_version=&#8221;4.16&#8243; filter_opacity=&#8221;50%&#8221; global_colors_info=&#8221;{}&#8221;]&nbsp;<br \/>\n[\/et_pb_image][\/et_pb_column][et_pb_column type=&#8221;1_3&#8243; _builder_version=&#8221;4.16&#8243; custom_padding=&#8221;|||&#8221; global_colors_info=&#8221;{}&#8221; custom_padding__hover=&#8221;|||&#8221;][et_pb_image_n10s _builder_version=&#8221;4.16&#8243; global_colors_info=&#8221;{}&#8221;][\/et_pb_image_n10s][\/et_pb_column][et_pb_column type=&#8221;1_3&#8243; _builder_version=&#8221;4.16&#8243; custom_padding=&#8221;|||&#8221; global_colors_info=&#8221;{}&#8221; custom_padding__hover=&#8221;|||&#8221;][et_pb_image_n10s src=&#8221;https:\/\/www.artinprint.at\/wp-content\/uploads\/2018\/05\/Schoene_ungerahmt_edition.jpg&#8221; size=&#8221;shop_catalog&#8221; n10s_type=&#8221;hanoi&#8221; title1_overlay=&#8221;Gabriele Sch\u00f6ne  &#8221; title2_overlay=&#8221;Mittwochabend, 2018&#8243; caption_orientation=&#8221;left&#8221; image_as_url=&#8221;on&#8221; url=&#8221;https:\/\/www.artinprint.at\/gabriele-schoene&#8221; animation=&#8221;off&#8221; admin_label=&#8221;Sch\u00f6ne&#8221; header_font_size=&#8221;20px&#8221; _builder_version=&#8221;4.16&#8243; global_colors_info=&#8221;{}&#8221;]<\/p>\n<div class=\"et_pb_module et-waypoint et_pb_image et_pb_animation_off et_pb_image_n10s_19 et_always_center_on_mobile\">\n<div class=\"n10s-block n10s-hanoi\">\n<p><a href=\"https:\/\/www.artinprint.at\/regina-zachhalmel-2\"><img decoding=\"async\" src=\"https:\/\/www.artinprint.at\/wp-content\/uploads\/2018\/03\/Auschnitt-Druck-Anna-Stangl-400x400.png\" alt=\"\"><\/a><\/p>\n<div class=\"n10s-overlay\">\n<h2>&#8220;Bildname&#8221;<br \/>\nAnna Stangl<\/h2>\n<p class=\"description\">\n<\/div>\n<p>&nbsp;<\/p>\n<\/div>\n<\/div>\n<p>[\/et_pb_image_n10s][\/et_pb_column][\/et_pb_row][et_pb_row column_structure=&#8221;1_3,1_3,1_3&#8243; _builder_version=&#8221;4.16&#8243; background_size=&#8221;initial&#8221; background_position=&#8221;top_left&#8221; background_repeat=&#8221;repeat&#8221; global_colors_info=&#8221;{}&#8221;][et_pb_column type=&#8221;1_3&#8243; _builder_version=&#8221;4.16&#8243; custom_padding=&#8221;|||&#8221; global_colors_info=&#8221;{}&#8221; custom_padding__hover=&#8221;|||&#8221;][et_pb_image_n10s src=&#8221;https:\/\/www.artinprint.at\/wp-content\/uploads\/2018\/05\/Stangl_ungerahmt_edition.jpg&#8221; size=&#8221;shop_catalog&#8221; n10s_type=&#8221;hanoi&#8221; title1_overlay=&#8221;Anna Stangl  &#8221; title2_overlay=&#8221;Traum, 2018&#8243; caption_orientation=&#8221;left&#8221; image_as_url=&#8221;on&#8221; url=&#8221;https:\/\/www.artinprint.at\/anna-stangl&#8221; animation=&#8221;off&#8221; admin_label=&#8221;Stangl&#8221; header_font_size=&#8221;20px&#8221; _builder_version=&#8221;4.16&#8243; global_colors_info=&#8221;{}&#8221;]<\/p>\n<div class=\"et_pb_module et-waypoint et_pb_image et_pb_animation_off et_pb_image_n10s_11 et_always_center_on_mobile\">\n<div class=\"n10s-block n10s-hanoi\">\n<p><a href=\"https:\/\/www.artinprint.at\/gabriele-schoene\/?lang=en\"><img decoding=\"async\" src=\"https:\/\/www.artinprint.at\/wp-content\/uploads\/2018\/04\/gabriele-scho%CC%88ne-o.t.-noch-400x400.jpg\" alt=\"\"><\/a><\/p>\n<div class=\"n10s-overlay\">\n<h2>&#8220;Bildname&#8221;<br \/>\nGabriele Sch\u00f6ne<\/h2>\n<p class=\"description\">\n<\/div>\n<p>&nbsp;<\/p>\n<\/div>\n<\/div>\n<p>[\/et_pb_image_n10s][\/et_pb_column][et_pb_column type=&#8221;1_3&#8243; _builder_version=&#8221;4.16&#8243; custom_padding=&#8221;|||&#8221; global_colors_info=&#8221;{}&#8221; custom_padding__hover=&#8221;|||&#8221;][et_pb_image_n10s src=&#8221;https:\/\/www.artinprint.at\/wp-content\/uploads\/2018\/05\/Thuma_ungerahmt_edition.jpg&#8221; size=&#8221;shop_catalog&#8221; n10s_type=&#8221;hanoi&#8221; title1_overlay=&#8221;Gerlinde Thuma  &#8221; title2_overlay=&#8221;aeolus, 2018&#8243; caption_orientation=&#8221;left&#8221; image_as_url=&#8221;on&#8221; url=&#8221;https:\/\/www.artinprint.at\/gerlinde-thuma&#8221; animation=&#8221;off&#8221; admin_label=&#8221;Thuma&#8221; header_font_size=&#8221;20px&#8221; _builder_version=&#8221;4.16&#8243; global_colors_info=&#8221;{}&#8221;]<\/p>\n<div class=\"et_pb_module et-waypoint et_pb_image et_pb_animation_off et_pb_image_n10s_17 et_always_center_on_mobile\">\n<div class=\"n10s-block n10s-hanoi\">\n<p><a href=\"https:\/\/www.artinprint.at\/regina-zachhalmel-2\"><img decoding=\"async\" src=\"https:\/\/www.artinprint.at\/wp-content\/uploads\/2018\/04\/regina-zachhalmel-o.t.-noch-400x400.jpg\" alt=\"\"><\/a><\/p>\n<div class=\"n10s-overlay\">\n<h2>&#8220;Bildname&#8221;<br \/>\nRegina Zachhalmel<\/h2>\n<p class=\"description\">\n<\/div>\n<p>&nbsp;<\/p>\n<\/div>\n<\/div>\n<p>[\/et_pb_image_n10s][\/et_pb_column][et_pb_column type=&#8221;1_3&#8243; _builder_version=&#8221;4.16&#8243; custom_padding=&#8221;|||&#8221; global_colors_info=&#8221;{}&#8221; custom_padding__hover=&#8221;|||&#8221;][et_pb_image_n10s src=&#8221;https:\/\/www.artinprint.at\/wp-content\/uploads\/2018\/05\/Zachhalmel_ungerahmt_edition.jpg&#8221; size=&#8221;shop_catalog&#8221; n10s_type=&#8221;hanoi&#8221; title1_overlay=&#8221;Regina Zachhalmel  &#8221; title2_overlay=&#8221;japanischer Gast, 2018&#8243; caption_orientation=&#8221;left&#8221; image_as_url=&#8221;on&#8221; url=&#8221;https:\/\/www.artinprint.at\/regina-zachhalmel&#8221; animation=&#8221;off&#8221; admin_label=&#8221;Zachhalmel&#8221; header_font_size=&#8221;20px&#8221; _builder_version=&#8221;4.16&#8243; global_colors_info=&#8221;{}&#8221;]<\/p>\n<div class=\"et_pb_module et-waypoint et_pb_image et_pb_animation_off et_pb_image_n10s_13 et_always_center_on_mobile\">\n<div class=\"n10s-block n10s-hanoi\">\n<p><a href=\"https:\/\/www.artinprint.at\/gerlinde-thuma-2\"><img decoding=\"async\" src=\"https:\/\/www.artinprint.at\/wp-content\/uploads\/2018\/04\/gerlinde-thuma-aeolus-400x400.jpg\" alt=\"\"><\/a><\/p>\n<div class=\"n10s-overlay\">\n<h2>&#8220;Bildname&#8221;<br \/>\nGerlinde Thuma<\/h2>\n<p class=\"description\">\n<\/div>\n<p>&nbsp;<\/p>\n<\/div>\n<\/div>\n<p>[\/et_pb_image_n10s][\/et_pb_column][\/et_pb_row][\/et_pb_section]<\/p>\n<span class=\"et_bloom_bottom_trigger\"><\/span>","protected":false},"excerpt":{"rendered":"<p>&nbsp; &nbsp; Karin Pliem(born 1963 in Zell am See, lives and works in Vienna) Medusa, 2020, for the art in print series women III Lithograph in four colours, printed on Magnani Incisioni 300g paperby Rudolf H\u00f6rschl\u00e4ger, Druckwerkstatt Uferst\u00f6ckl, Wallsee \/ Lower Austria Edition of 33 + 5 AP + 2 EP + 2 PP Signed, [&hellip;]<\/p>\n","protected":false},"author":1,"featured_media":0,"parent":0,"menu_order":42,"comment_status":"closed","ping_status":"closed","template":"","meta":{"_et_pb_use_builder":"on","_et_pb_old_content":"","_et_gb_content_width":"","footnotes":""},"class_list":["post-11643","page","type-page","status-publish","hentry"],"yoast_head":"<!-- This site is optimized with the Yoast SEO plugin v27.3 - https:\/\/yoast.com\/product\/yoast-seo-wordpress\/ -->\n<title>Karin Pliem - Art in Print<\/title>\n<meta name=\"robots\" content=\"index, follow, max-snippet:-1, max-image-preview:large, max-video-preview:-1\" \/>\n<link rel=\"canonical\" href=\"https:\/\/www.artinprint.at\/en\/karin-pliem\/\" \/>\n<meta property=\"og:locale\" content=\"en_US\" \/>\n<meta property=\"og:type\" content=\"article\" \/>\n<meta property=\"og:title\" content=\"Karin Pliem - Art in Print\" \/>\n<meta property=\"og:description\" content=\"&nbsp; &nbsp; Karin Pliem(born 1963 in Zell am See, lives and works in Vienna) Medusa, 2020, for the art in print series women III Lithograph in four colours, printed on Magnani Incisioni 300g paperby Rudolf H\u00f6rschl\u00e4ger, Druckwerkstatt Uferst\u00f6ckl, Wallsee \/ Lower Austria Edition of 33 + 5 AP + 2 EP + 2 PP Signed, [&hellip;]\" \/>\n<meta property=\"og:url\" content=\"https:\/\/www.artinprint.at\/en\/karin-pliem\/\" \/>\n<meta property=\"og:site_name\" content=\"Art in Print\" \/>\n<meta property=\"article:modified_time\" content=\"2022-05-11T08:32:49+00:00\" \/>\n<meta property=\"og:image\" content=\"https:\/\/www.artinprint.at\/wp-content\/uploads\/2018\/01\/AIP_Button_jetzt2_klein.png\" \/>\n<meta name=\"twitter:card\" content=\"summary_large_image\" \/>\n<meta name=\"twitter:label1\" content=\"Est. reading time\" \/>\n\t<meta name=\"twitter:data1\" content=\"11 minutes\" \/>\n<script type=\"application\/ld+json\" class=\"yoast-schema-graph\">{\"@context\":\"https:\\\/\\\/schema.org\",\"@graph\":[{\"@type\":\"WebPage\",\"@id\":\"https:\\\/\\\/www.artinprint.at\\\/en\\\/karin-pliem\\\/\",\"url\":\"https:\\\/\\\/www.artinprint.at\\\/en\\\/karin-pliem\\\/\",\"name\":\"Karin Pliem - Art in Print\",\"isPartOf\":{\"@id\":\"https:\\\/\\\/www.artinprint.at\\\/en\\\/#website\"},\"primaryImageOfPage\":{\"@id\":\"https:\\\/\\\/www.artinprint.at\\\/en\\\/karin-pliem\\\/#primaryimage\"},\"image\":{\"@id\":\"https:\\\/\\\/www.artinprint.at\\\/en\\\/karin-pliem\\\/#primaryimage\"},\"thumbnailUrl\":\"https:\\\/\\\/www.artinprint.at\\\/wp-content\\\/uploads\\\/2018\\\/01\\\/AIP_Button_jetzt2_klein.png\",\"datePublished\":\"2021-09-14T12:13:52+00:00\",\"dateModified\":\"2022-05-11T08:32:49+00:00\",\"breadcrumb\":{\"@id\":\"https:\\\/\\\/www.artinprint.at\\\/en\\\/karin-pliem\\\/#breadcrumb\"},\"inLanguage\":\"en-US\",\"potentialAction\":[{\"@type\":\"ReadAction\",\"target\":[\"https:\\\/\\\/www.artinprint.at\\\/en\\\/karin-pliem\\\/\"]}]},{\"@type\":\"ImageObject\",\"inLanguage\":\"en-US\",\"@id\":\"https:\\\/\\\/www.artinprint.at\\\/en\\\/karin-pliem\\\/#primaryimage\",\"url\":\"https:\\\/\\\/www.artinprint.at\\\/wp-content\\\/uploads\\\/2018\\\/01\\\/AIP_Button_jetzt2_klein.png\",\"contentUrl\":\"https:\\\/\\\/www.artinprint.at\\\/wp-content\\\/uploads\\\/2018\\\/01\\\/AIP_Button_jetzt2_klein.png\"},{\"@type\":\"BreadcrumbList\",\"@id\":\"https:\\\/\\\/www.artinprint.at\\\/en\\\/karin-pliem\\\/#breadcrumb\",\"itemListElement\":[{\"@type\":\"ListItem\",\"position\":1,\"name\":\"Startseite\",\"item\":\"https:\\\/\\\/www.artinprint.at\\\/en\\\/\"},{\"@type\":\"ListItem\",\"position\":2,\"name\":\"Karin Pliem\"}]},{\"@type\":\"WebSite\",\"@id\":\"https:\\\/\\\/www.artinprint.at\\\/en\\\/#website\",\"url\":\"https:\\\/\\\/www.artinprint.at\\\/en\\\/\",\"name\":\"Art in Print\",\"description\":\"\",\"publisher\":{\"@id\":\"https:\\\/\\\/www.artinprint.at\\\/en\\\/#organization\"},\"potentialAction\":[{\"@type\":\"SearchAction\",\"target\":{\"@type\":\"EntryPoint\",\"urlTemplate\":\"https:\\\/\\\/www.artinprint.at\\\/en\\\/?s={search_term_string}\"},\"query-input\":{\"@type\":\"PropertyValueSpecification\",\"valueRequired\":true,\"valueName\":\"search_term_string\"}}],\"inLanguage\":\"en-US\"},{\"@type\":\"Organization\",\"@id\":\"https:\\\/\\\/www.artinprint.at\\\/en\\\/#organization\",\"name\":\"art in print\",\"url\":\"https:\\\/\\\/www.artinprint.at\\\/en\\\/\",\"logo\":{\"@type\":\"ImageObject\",\"inLanguage\":\"en-US\",\"@id\":\"https:\\\/\\\/www.artinprint.at\\\/en\\\/#\\\/schema\\\/logo\\\/image\\\/\",\"url\":\"https:\\\/\\\/www.artinprint.at\\\/wp-content\\\/uploads\\\/2020\\\/04\\\/cropped-art-in-print_logo.png\",\"contentUrl\":\"https:\\\/\\\/www.artinprint.at\\\/wp-content\\\/uploads\\\/2020\\\/04\\\/cropped-art-in-print_logo.png\",\"width\":512,\"height\":512,\"caption\":\"art in print\"},\"image\":{\"@id\":\"https:\\\/\\\/www.artinprint.at\\\/en\\\/#\\\/schema\\\/logo\\\/image\\\/\"}}]}<\/script>\n<!-- \/ Yoast SEO plugin. -->","yoast_head_json":{"title":"Karin Pliem - Art in Print","robots":{"index":"index","follow":"follow","max-snippet":"max-snippet:-1","max-image-preview":"max-image-preview:large","max-video-preview":"max-video-preview:-1"},"canonical":"https:\/\/www.artinprint.at\/en\/karin-pliem\/","og_locale":"en_US","og_type":"article","og_title":"Karin Pliem - Art in Print","og_description":"&nbsp; &nbsp; Karin Pliem(born 1963 in Zell am See, lives and works in Vienna) Medusa, 2020, for the art in print series women III Lithograph in four colours, printed on Magnani Incisioni 300g paperby Rudolf H\u00f6rschl\u00e4ger, Druckwerkstatt Uferst\u00f6ckl, Wallsee \/ Lower Austria Edition of 33 + 5 AP + 2 EP + 2 PP Signed, [&hellip;]","og_url":"https:\/\/www.artinprint.at\/en\/karin-pliem\/","og_site_name":"Art in Print","article_modified_time":"2022-05-11T08:32:49+00:00","og_image":[{"url":"https:\/\/www.artinprint.at\/wp-content\/uploads\/2018\/01\/AIP_Button_jetzt2_klein.png","type":"","width":"","height":""}],"twitter_card":"summary_large_image","twitter_misc":{"Est. reading time":"11 minutes"},"schema":{"@context":"https:\/\/schema.org","@graph":[{"@type":"WebPage","@id":"https:\/\/www.artinprint.at\/en\/karin-pliem\/","url":"https:\/\/www.artinprint.at\/en\/karin-pliem\/","name":"Karin Pliem - Art in Print","isPartOf":{"@id":"https:\/\/www.artinprint.at\/en\/#website"},"primaryImageOfPage":{"@id":"https:\/\/www.artinprint.at\/en\/karin-pliem\/#primaryimage"},"image":{"@id":"https:\/\/www.artinprint.at\/en\/karin-pliem\/#primaryimage"},"thumbnailUrl":"https:\/\/www.artinprint.at\/wp-content\/uploads\/2018\/01\/AIP_Button_jetzt2_klein.png","datePublished":"2021-09-14T12:13:52+00:00","dateModified":"2022-05-11T08:32:49+00:00","breadcrumb":{"@id":"https:\/\/www.artinprint.at\/en\/karin-pliem\/#breadcrumb"},"inLanguage":"en-US","potentialAction":[{"@type":"ReadAction","target":["https:\/\/www.artinprint.at\/en\/karin-pliem\/"]}]},{"@type":"ImageObject","inLanguage":"en-US","@id":"https:\/\/www.artinprint.at\/en\/karin-pliem\/#primaryimage","url":"https:\/\/www.artinprint.at\/wp-content\/uploads\/2018\/01\/AIP_Button_jetzt2_klein.png","contentUrl":"https:\/\/www.artinprint.at\/wp-content\/uploads\/2018\/01\/AIP_Button_jetzt2_klein.png"},{"@type":"BreadcrumbList","@id":"https:\/\/www.artinprint.at\/en\/karin-pliem\/#breadcrumb","itemListElement":[{"@type":"ListItem","position":1,"name":"Startseite","item":"https:\/\/www.artinprint.at\/en\/"},{"@type":"ListItem","position":2,"name":"Karin Pliem"}]},{"@type":"WebSite","@id":"https:\/\/www.artinprint.at\/en\/#website","url":"https:\/\/www.artinprint.at\/en\/","name":"Art in Print","description":"","publisher":{"@id":"https:\/\/www.artinprint.at\/en\/#organization"},"potentialAction":[{"@type":"SearchAction","target":{"@type":"EntryPoint","urlTemplate":"https:\/\/www.artinprint.at\/en\/?s={search_term_string}"},"query-input":{"@type":"PropertyValueSpecification","valueRequired":true,"valueName":"search_term_string"}}],"inLanguage":"en-US"},{"@type":"Organization","@id":"https:\/\/www.artinprint.at\/en\/#organization","name":"art in print","url":"https:\/\/www.artinprint.at\/en\/","logo":{"@type":"ImageObject","inLanguage":"en-US","@id":"https:\/\/www.artinprint.at\/en\/#\/schema\/logo\/image\/","url":"https:\/\/www.artinprint.at\/wp-content\/uploads\/2020\/04\/cropped-art-in-print_logo.png","contentUrl":"https:\/\/www.artinprint.at\/wp-content\/uploads\/2020\/04\/cropped-art-in-print_logo.png","width":512,"height":512,"caption":"art in print"},"image":{"@id":"https:\/\/www.artinprint.at\/en\/#\/schema\/logo\/image\/"}}]}},"_links":{"self":[{"href":"https:\/\/www.artinprint.at\/en\/wp-json\/wp\/v2\/pages\/11643","targetHints":{"allow":["GET"]}}],"collection":[{"href":"https:\/\/www.artinprint.at\/en\/wp-json\/wp\/v2\/pages"}],"about":[{"href":"https:\/\/www.artinprint.at\/en\/wp-json\/wp\/v2\/types\/page"}],"author":[{"embeddable":true,"href":"https:\/\/www.artinprint.at\/en\/wp-json\/wp\/v2\/users\/1"}],"replies":[{"embeddable":true,"href":"https:\/\/www.artinprint.at\/en\/wp-json\/wp\/v2\/comments?post=11643"}],"version-history":[{"count":14,"href":"https:\/\/www.artinprint.at\/en\/wp-json\/wp\/v2\/pages\/11643\/revisions"}],"predecessor-version":[{"id":12823,"href":"https:\/\/www.artinprint.at\/en\/wp-json\/wp\/v2\/pages\/11643\/revisions\/12823"}],"wp:attachment":[{"href":"https:\/\/www.artinprint.at\/en\/wp-json\/wp\/v2\/media?parent=11643"}],"curies":[{"name":"wp","href":"https:\/\/api.w.org\/{rel}","templated":true}]}}